{"id":3680,"date":"2020-02-19T01:22:25","date_gmt":"2020-02-19T00:22:25","guid":{"rendered":"https:\/\/laiga194.it\/?page_id=3680"},"modified":"2026-01-29T18:45:54","modified_gmt":"2026-01-29T17:45:54","slug":"estado-embarazo","status":"publish","type":"page","link":"https:\/\/laiga194.it\/es\/estado-embarazo\/","title":{"rendered":"\u00bfEN QU\u00c9 MOMENTO ESTOY?"},"content":{"rendered":"<div class=\"flex_column av_four_fifth  flex_column_div av-zero-column-padding first  avia-builder-el-0  el_before_av_one_fifth  avia-builder-el-first  \" style='border-radius:0px; '><p><section class=\"av_textblock_section \"  itemscope=\"itemscope\" itemtype=\"https:\/\/schema.org\/CreativeWork\" ><div class='avia_textblock  '  style='font-size:30px; '  itemprop=\"text\" ><p><strong>\u00bfEN QU\u00c9 MOMENTO ESTOY?<\/strong><\/p>\n<\/div><\/section><br \/>\n<div  style='padding-bottom:10px; ' class='av-special-heading av-special-heading-h2  blockquote modern-quote  avia-builder-el-2  el_after_av_textblock  el_before_av_textblock  '><h2 class='av-special-heading-tag '  itemprop=\"headline\"  >\u00bfC\u00f3mo saber si estoy embarazade?<\/h2><div class='special-heading-border'><div class='special-heading-inner-border' ><\/div><\/div><\/div><br \/>\n<section class=\"av_textblock_section \"  itemscope=\"itemscope\" itemtype=\"https:\/\/schema.org\/CreativeWork\" ><div class='avia_textblock  '   itemprop=\"text\" ><p><span style=\"font-weight: 400;\">Si <strong>piensas<\/strong> que est\u00e1s embarazade, lo primero que hay que hacer es <strong>averiguar si realmente<\/strong> lo est\u00e1s.<\/span><\/p>\n<p><span style=\"font-weight: 400;\">Para confirmar el estado de embarazo, puedes:<\/span><\/p>\n<ul>\n<li><span style=\"font-weight: 400;\"><strong> hacerte en casa un test<\/strong> que puedes comprar en una farmacia o en el s\u00faper;<\/span><\/li>\n<li><span style=\"font-weight: 400;\"><strong>an\u00e1lisis de orina en laboratorio,<\/strong> llevando la primera orina del d\u00eda a un centro de an\u00e1lisis<\/span><\/li>\n<li><span style=\"font-weight: 400;\"><strong>an\u00e1lisis de sangre<\/strong>, siempre al centro de an\u00e1lisis. <\/span><\/li>\n<\/ul>\n<p><span style=\"font-weight: 400;\">Todos los testes se basan en la b\u00fasqueda de la hormona del embarazo llamada <strong>beta Hcg<\/strong>, los \u00faltimos dos son m\u00e1s confiables (y son prueba al 100%).<\/span><\/p>\n<p><span style=\"font-weight: 400;\">Si crees que <strong>est\u00e1s embarazade<\/strong> o est\u00e1s segure de ello gracias a la respuesta de la prueba, el siguiente paso es averiguar <strong>en qu\u00e9 fase del embarazo te encuentras<\/strong>.\u00a0<\/span><\/p>\n<\/div><\/section><br \/>\n<div  style='padding-bottom:10px; ' class='av-special-heading av-special-heading-h2  blockquote modern-quote  avia-builder-el-4  el_after_av_textblock  el_before_av_textblock  '><h2 class='av-special-heading-tag '  itemprop=\"headline\"  >\u00bfC\u00f3mo saber cu\u00e1ntas semanas de embarazo tengo?<\/h2><div class='special-heading-border'><div class='special-heading-inner-border' ><\/div><\/div><\/div><br \/>\n<section class=\"av_textblock_section \"  itemscope=\"itemscope\" itemtype=\"https:\/\/schema.org\/CreativeWork\" ><div class='avia_textblock  '   itemprop=\"text\" ><p><span style=\"font-weight: 400;\">Por convenci\u00f3n internacional, <strong>el primer d\u00eda de la \u00faltima menstruaci\u00f3n<\/strong> se considera el primer d\u00eda de embarazo.<br \/>\nA continuaci\u00f3n, puedes introducir algunos datos sobre tu ciclo menstrual y <strong>calcular tu edad gestacional<\/strong>. En Italia el aborto voluntario, regulado por la <strong>Ley 194\/78<\/strong>, es posible <strong>hasta el d\u00eda 90<\/strong>, es decir, la semana 12 m\u00e1s seis d\u00edas. Despu\u00e9s de esta fecha es posible ir al extranjero, a uno de los pa\u00edses que tienen un plazo distinto de lo impuesto por la ley italiana. Puedes encontrar las indicaciones en las secci\u00f3nes ABORTO DENTRO DE LOS 90 D\u00cdAS &#8211; IVG DESPU\u00c9S DE 12 SEMANAS EN EL EXTRANJERO.<\/span><\/p>\n<p>Sin embargo, tambi\u00e9n existe la opci\u00f3n de <strong>dar a luz de forma an\u00f3nima<\/strong>, sin quedarse padres.<\/p>\n<\/div><\/section><br \/>\n<div  style='padding-bottom:10px; ' class='av-special-heading av-special-heading-h3  blockquote classic-quote classic-quote-left  avia-builder-el-6  el_after_av_textblock  el_before_av_hr  '><h3 class='av-special-heading-tag '  itemprop=\"headline\"  >Calculadora de fechas de embarazo<\/h3><div class ='av-subheading av-subheading_below  ' style='font-size:15px;'><p>CALCULADORA EDAD GESTACIONAL<\/p>\n<\/div><div class='special-heading-border'><div class='special-heading-inner-border' ><\/div><\/div><\/div><br \/>\n<div  style='height:50px' class='hr hr-invisible   avia-builder-el-7  el_after_av_heading  el_before_av_codeblock '><span class='hr-inner ' ><span class='hr-inner-style'><\/span><\/span><\/div><br \/>\n<br \/>\n<div  style='height:50px' class='hr hr-invisible   avia-builder-el-9  el_after_av_codeblock  el_before_av_heading '><span class='hr-inner ' ><span class='hr-inner-style'><\/span><\/span><\/div><br \/>\n<div  style='padding-bottom:10px; ' class='av-special-heading av-special-heading-h2  blockquote modern-quote  avia-builder-el-10  el_after_av_hr  el_before_av_textblock  '><h2 class='av-special-heading-tag '  itemprop=\"headline\"  >Estoy embarazada, \u00bfqu\u00e9 hago?<\/h2><div class='special-heading-border'><div class='special-heading-inner-border' ><\/div><\/div><\/div><br \/>\n<section class=\"av_textblock_section \"  itemscope=\"itemscope\" itemtype=\"https:\/\/schema.org\/CreativeWork\" ><div class='avia_textblock  '   itemprop=\"text\" ><p><span style=\"font-weight: 400;\">Tus opciones son:<\/span><\/p>\n<ol>\n<li><span style=\"font-weight: 400;\"><strong>Seguir con el embarazo<\/strong> y, si todo sale bien, ser madre\/padre;<\/span><\/li>\n<li><span style=\"font-weight: 400;\">Seguir con el embarazo y dar el\/la beb\u00e9 <strong>en adopci\u00f3n o en acogida;<\/strong><\/span><\/li>\n<li><span style=\"font-weight: 400;\"><strong>Interrumpir el embarazo<\/strong> mediante un aborto, si est\u00e1s dentro de los t\u00e9rminos legales para hacerlo.<\/span><\/li>\n<\/ol>\n<p><span style=\"font-weight: 400;\"><strong>Tal vez<\/strong> es dif\u00edcil tomar una decisi\u00f3n, y puedes tener <strong>sentimientos contradictorios<\/strong> sobre el embarazo, sobre todo cuando ocurre de forma inesperada. Sean cuales sean tus sentimientos, tus reacciones pueden ser diferentes. Para ayudarte a pensar en este momento, puede ser \u00fatil que te hagas algunas preguntas<\/span>.<\/p>\n<\/div><\/section><br \/>\n<div  style='padding-bottom:10px; ' class='av-special-heading av-special-heading-h2  blockquote modern-quote  avia-builder-el-12  el_after_av_textblock  el_before_av_textblock  '><h2 class='av-special-heading-tag '  itemprop=\"headline\"  >\u00bfC\u00f3mo decidir?<\/h2><div class='special-heading-border'><div class='special-heading-inner-border' ><\/div><\/div><\/div><br \/>\n<section class=\"av_textblock_section \"  itemscope=\"itemscope\" itemtype=\"https:\/\/schema.org\/CreativeWork\" ><div class='avia_textblock  '   itemprop=\"text\" ><p>Solo t\u00fa puedes tomar una decisi\u00f3n, porque las consecuencias recaer\u00e1n principalmente sobre ti. Intenta preguntarte:<\/p>\n<p><b>\u00bfC\u00f3mo me sentir\u00eda ante la realizaci\u00f3n de tales planes y esperanzas si&#8230;\u00a0<\/b><\/p>\n<p><span style=\"font-weight: 400;\">\u2026 \u00bfFuese madre\/padre?<\/span><b><br \/>\n<\/b><span style=\"font-weight: 400;\">&#8230; \u00bfDiera la criatura en adopci\u00f3n?<\/span><span style=\"font-weight: 400;\"><br \/>\n<\/span><span style=\"font-weight: 400;\">&#8230; \u00bfInterrumpir\u00eda el embarazo?<\/span><\/p>\n<p><b>\u00bfCu\u00e1les son las dos o tres cosas m\u00e1s importantes en mi vida?<\/b><b><br \/>\n<\/b><b>\u00bfTendr\u00eda que perder o renunciar a algo si&#8230; <\/b><span style=\"font-weight: 400;\"><br \/>\n<\/span><span style=\"font-weight: 400;\">\u2026 \u00bfFuese madre\/padre?<\/span><b><br \/>\n<\/b><span style=\"font-weight: 400;\">&#8230; \u00bfDiera la criatura en adopci\u00f3n?<\/span><span style=\"font-weight: 400;\"><br \/>\n<\/span><span style=\"font-weight: 400;\">&#8230; \u00bfInterrumpir\u00eda el embarazo?<\/span><\/p>\n<p><b>\u00bfCu\u00e1les son las dos o tres cosas que espero conseguir en los pr\u00f3ximos cinco a diez a\u00f1os?<\/b><b><br \/>\n<\/b><b>\u00bfQu\u00e9 puedo perder o a qu\u00e9 puedo renunciar en los pr\u00f3ximos cinco a diez a\u00f1os si&#8230; <\/b><span style=\"font-weight: 400;\"><br \/>\n<\/span><span style=\"font-weight: 400;\">\u2026 \u00bfFuese madre\/padre?<\/span><b><br \/>\n<\/b><span style=\"font-weight: 400;\">&#8230; \u00bfDiera la criatura en adopci\u00f3n?<\/span><span style=\"font-weight: 400;\"><br \/>\n<\/span><span style=\"font-weight: 400;\">&#8230; \u00bfInterrumpir\u00eda el embarazo?<\/span><\/p>\n<p><b>\u00bfC\u00f3mo creo que reaccionar\u00edan las personas que me importan (pareja, familiares, amigos) si&#8230;<\/b><\/p>\n<p><span style=\"font-weight: 400;\">\u2026 \u00bfFuese madre\/padre?<\/span><b><br \/>\n<\/b><span style=\"font-weight: 400;\">&#8230; \u00bfDiera la criatura en adopci\u00f3n?<\/span><span style=\"font-weight: 400;\"><br \/>\n<\/span><span style=\"font-weight: 400;\">&#8230; \u00bfInterrumpir\u00eda el embarazo?<\/span><\/p>\n<p><b>Teniendo en cuenta mis valores y creencias, \u00bfc\u00f3mo me sentir\u00eda si&#8230; <\/b><span style=\"font-weight: 400;\"><br \/>\n<\/span><span style=\"font-weight: 400;\">\u2026 \u00bfFuese madre?<\/span><b><br \/>\n<\/b><span style=\"font-weight: 400;\">&#8230; \u00bfDiera la criatura en adopci\u00f3n?<\/span><span style=\"font-weight: 400;\"><br \/>\n<\/span><span style=\"font-weight: 400;\">&#8230; \u00bfInterrumpir\u00eda el embarazo?<\/span><\/p>\n<p><span style=\"font-weight: 400;\">Esperemos que estas preguntas te ayuden, pero es m\u00e1s que leg\u00edtimo que sigas teniendo sentimientos contradictorios. Tomar una decisi\u00f3n puede ser dif\u00edcil y aterrador. Podr\u00edas intentar terminar las frases siguientes y ver c\u00f3mo te sientes.<\/span><\/p>\n<p><b>La idea de ser madre me hace sentir&#8230;.<\/b><b><br \/>\n<\/b><b>(porque&#8230;)<\/b><b><br \/>\n<\/b><b>La idea de dar a la criatura en adopci\u00f3n me hace sentir&#8230;<\/b><b><br \/>\n<\/b><b>(porque&#8230;)<\/b><b><br \/>\n<\/b><b>La idea de abortar me hace sentir&#8230;<\/b><b><br \/>\n<\/b><b>(porque&#8230;)<\/b><\/p>\n<p><b>\u00bfY si todav\u00eda no lo s\u00e9?<\/b><span style=\"font-weight: 400;\"><br \/>\n<\/span><span style=\"font-weight: 400;\"> Es normal que sigas teniendo sentimientos encontrados ante cualquier elecci\u00f3n posible. Puede que te des cuenta de que, elijas lo que elijas, sigas sin percibirlo como la decisi\u00f3n perfecta.<\/span><\/p>\n<p><b>Preg\u00fantate: <\/b><span style=\"font-weight: 400;\">\u00ab\u00bfPuedo vivir con estos sentimientos?\u00bb. Si la respuesta es \u00abs\u00ed\u00bb, entonces est\u00e1s preparade para decidir.<\/span><\/p>\n<p><span style=\"font-weight: 400;\">Si sigues teniendo dudas, tal vez necesites <\/span><\/p>\n<ul>\n<li><span style=\"font-weight: 400;\"><strong>buscar m\u00e1s informaci\u00f3n<\/strong>, por ejemplo desde el punto de vista m\u00e9dico, o desde el punto de vista del apoyo financiero que se puede recibir del Gobierno italiano (o de tu pa\u00eds); <\/span><\/li>\n<li><span style=\"font-weight: 400;\"><strong>hablar con une psic\u00f3loge proelecci\u00f3n<\/strong>, que ponga tu bienestar en lo m\u00e1s alto de sus prioridades, sin hacerte sentir juzgado;<\/span><\/li>\n<li><span style=\"font-weight: 400;\"><strong>hablar con alguien de confianza<\/strong>, que no puede decidir por ti, pero ayudarte a decidir qu\u00e9 es lo mejor para ti. Esta persona podr\u00eda ser uno de tus padres, otro miembro de la familia, tu pareja o alguien con quien te sientas cercano.<\/span><\/li>\n<\/ul>\n<\/div><\/section><br \/>\n<div  style='padding-bottom:10px; ' class='av-special-heading av-special-heading-h2  blockquote modern-quote  avia-builder-el-14  el_after_av_textblock  el_before_av_textblock  '><h2 class='av-special-heading-tag '  itemprop=\"headline\"  >\u00bfQu\u00e9 es importante saber en caso de dudas?<\/h2><div class='special-heading-border'><div class='special-heading-inner-border' ><\/div><\/div><\/div><br \/>\n<section class=\"av_textblock_section \"  itemscope=\"itemscope\" itemtype=\"https:\/\/schema.org\/CreativeWork\" ><div class='avia_textblock  '   itemprop=\"text\" ><p>Hay que tener en cuenta de unos consejos:<\/p>\n<ul>\n<li>Busca informaci\u00f3n m\u00e9dica \u00fanicamente de <strong>profesionales de la salud que est\u00e9n a favor del derecho a decidir<\/strong>. No conf\u00ede en personas o sitios web con una <strong>ideolog\u00eda antiabortista<\/strong>, ya que la informaci\u00f3n ser\u00eda falsa o sesgada y, por lo tanto, in\u00fatil;<\/li>\n<li>La <strong>decisi\u00f3n final es solo tuya<\/strong>, no de tu familia ni de tu pareja. De hecho, algunas personas prefieren no hablar con sus seres queridos hasta haber tomado una decisi\u00f3n personal, por miedo a ser influenciadas. Y eso tambi\u00e9n est\u00e1 bien, haz como prefieres;<br \/>\nLamentablemente, no dispone de mucho tiempo. Si decide continuar con el embarazo, es importante que comience a consultar de inmediato con una matrona y un ginec\u00f3logo para proteger su salud y la de la futura nueva vida. Asimismo, si decide abortar, debe actuar para cumplir con el plazo legal;<\/li>\n<li>Intenta <strong>no tardar demasiado<\/strong> en tomar tu decisi\u00f3n. Si decides seguir adelante con el embarazo, es importante que empieces a hablar con alguien que tenga especializaci\u00f3n en comadronia (<em>ostetricia<\/em>, en italiano) y ginecolog\u00eda, para salvaguardar tu salud y la del\/la beb\u00e9. Si decides abortar, debes tomar medidas para estar dentro del plazo legal para hacerlo.<\/li>\n<\/ul>\n<\/div><\/section><\/p><\/div><div class=\"flex_column av_one_fifth  flex_column_div av-zero-column-padding   avia-builder-el-16  el_after_av_four_fifth  avia-builder-el-last  \" style='border-radius:0px; '><p><div  class='avia-image-container avia_animated_image avia_animate_when_almost_visible pop-up av-styling-    avia-builder-el-17  el_before_av_sidebar  avia-builder-el-first  incentro avia-align-center '  itemprop=\"image\" itemscope=\"itemscope\" itemtype=\"https:\/\/schema.org\/ImageObject\"  ><div class='avia-image-container-inner'><div class='avia-image-overlay-wrap'><img decoding=\"async\" class='wp-image-0 avia-img-lazy-loading-not-0 avia_image' src=\"http:\/\/inzuwebdesigndue.altervista.org\/wp-content\/uploads\/2020\/03\/data2.jpg\" alt='' title=''   itemprop=\"thumbnailUrl\"  \/><\/div><\/div><\/div><br \/>\n<div  class='avia-builder-widget-area clearfix  avia-builder-el-18  el_after_av_image  avia-builder-el-last '><div id=\"nav_menu-2\" class=\"widget clearfix widget_nav_menu\"><h3 class=\"widgettitle\">para todes<\/h3><div class=\"menu-para-todes-spagnolo-container\"><ul id=\"menu-para-todes-spagnolo\" class=\"menu\"><li id=\"menu-item-3704\" class=\"menu-item menu-item-type-post_type menu-item-object-page menu-item-3704\"><a href=\"https:\/\/laiga194.it\/es\/estado-embarazo\/\">\u00bfEN QU\u00c9 MOMENTO ESTOY?<\/a><\/li>\n<li id=\"menu-item-3703\" class=\"menu-item menu-item-type-post_type menu-item-object-page menu-item-3703\"><a href=\"https:\/\/laiga194.it\/es\/aborto-precoz-voluntario\/\">ABORTO PRECOZ VOLUNTARIO<\/a><\/li>\n<\/ul><\/div><\/div><\/div><\/p><\/div><\/p>\n","protected":false},"excerpt":{"rendered":"","protected":false},"author":4,"featured_media":0,"parent":0,"menu_order":0,"comment_status":"closed","ping_status":"closed","template":"","meta":{"footnotes":""},"class_list":["post-3680","page","type-page","status-publish","hentry"],"aioseo_notices":[],"_links":{"self":[{"href":"https:\/\/laiga194.it\/es\/wp-json\/wp\/v2\/pages\/3680","targetHints":{"allow":["GET"]}}],"collection":[{"href":"https:\/\/laiga194.it\/es\/wp-json\/wp\/v2\/pages"}],"about":[{"href":"https:\/\/laiga194.it\/es\/wp-json\/wp\/v2\/types\/page"}],"author":[{"embeddable":true,"href":"https:\/\/laiga194.it\/es\/wp-json\/wp\/v2\/users\/4"}],"replies":[{"embeddable":true,"href":"https:\/\/laiga194.it\/es\/wp-json\/wp\/v2\/comments?post=3680"}],"version-history":[{"count":13,"href":"https:\/\/laiga194.it\/es\/wp-json\/wp\/v2\/pages\/3680\/revisions"}],"predecessor-version":[{"id":3693,"href":"https:\/\/laiga194.it\/es\/wp-json\/wp\/v2\/pages\/3680\/revisions\/3693"}],"wp:attachment":[{"href":"https:\/\/laiga194.it\/es\/wp-json\/wp\/v2\/media?parent=3680"}],"curies":[{"name":"wp","href":"https:\/\/api.w.org\/{rel}","templated":true}]}}